{"id":885,"date":"2022-07-25T11:50:10","date_gmt":"2022-07-25T11:50:10","guid":{"rendered":"http:\/\/34.88.199.23\/?page_id=885"},"modified":"2023-01-24T17:26:50","modified_gmt":"2023-01-24T17:26:50","slug":"story-larsens-bakery","status":"publish","type":"page","link":"https:\/\/myfoodoffice.com\/no\/story-larsens-bakery\/","title":{"rendered":"Story &#8211; Larsens Bakeri"},"content":{"rendered":"<div style=\"height:40px\" aria-hidden=\"true\" class=\"wp-block-spacer\"><\/div>\n\n\n\n<figure class=\"wp-block-image size-large is-style-rounded\"><img loading=\"lazy\" decoding=\"async\" width=\"1024\" height=\"576\" src=\"https:\/\/blog.myfoodoffice.com\/wp-content\/uploads\/2023\/01\/Larsens-Bakeri_web3-1404x790-1-1024x576.jpg\" alt=\"CEO Kim Larsen\" class=\"wp-image-2452\" srcset=\"https:\/\/myfoodoffice.com\/wp-content\/uploads\/2023\/01\/Larsens-Bakeri_web3-1404x790-1-1024x576.jpg 1024w, https:\/\/myfoodoffice.com\/wp-content\/uploads\/2023\/01\/Larsens-Bakeri_web3-1404x790-1-300x169.jpg 300w, https:\/\/myfoodoffice.com\/wp-content\/uploads\/2023\/01\/Larsens-Bakeri_web3-1404x790-1-768x432.jpg 768w, https:\/\/myfoodoffice.com\/wp-content\/uploads\/2023\/01\/Larsens-Bakeri_web3-1404x790-1-18x10.jpg 18w, https:\/\/myfoodoffice.com\/wp-content\/uploads\/2023\/01\/Larsens-Bakeri_web3-1404x790-1.jpg 1404w\" sizes=\"auto, (max-width: 1024px) 100vw, 1024px\" \/><figcaption class=\"wp-element-caption\">Foto: Cecilie Nilsen, Lister24<\/figcaption><\/figure>\n\n\n\n<h2 class=\"has-text-align-center has-medium-font-size wp-block-heading\">Faren jobbet d\u00f8gnet rundt, og likevel var det ikke nok. <br>Melissa stilte til slutt ultimatum. <br>Enten fant de smartere m\u00e5ter \u00e5 jobbe p\u00e5, ellers ville hun slutte i familiebedriften. <\/h2>\n\n\n\n<h2 class=\"has-text-align-center has-medium-font-size wp-block-heading\">N\u00e5 er det andre boller. <\/h2>\n\n\n\n<blockquote class=\"wp-block-quote has-text-align-center is-layout-flow wp-block-quote-is-layout-flow\">\n<p class=\"has-black-color has-text-color\"><svg viewbox=\"0 0 24 24\" xmlns=\"http:\/\/www.w3.org\/2000\/svg\" width=\"24\" height=\"24\" aria-hidden=\"true\" focusable=\"false\"><path d=\"M13 6v6h5.2v4c0 .8-.2 1.4-.5 1.7-.6.6-1.6.6-2.5.5h-.3v1.5h.5c1 0 2.3-.1 3.3-1 .6-.6 1-1.6 1-2.8V6H13zm-9 6h5.2v4c0 .8-.2 1.4-.5 1.7-.6.6-1.6.6-2.5.5h-.3v1.5h.5c1 0 2.3-.1 3.3-1 .6-.6 1-1.6 1-2.8V6H4v6z\"><\/path><\/svg>Det har gitt en vanvittig innsparing.<br>Det er helt vilt. Jeg trodde ikke det var mulig.<\/p>\n<cite>Kim \u00c5ge Larsen, daglig leder, Larsens Bakeri<\/cite><\/blockquote>\n\n\n\n<p>Larsens Bakeri ble etablert i 1995 av baker og konditor Kim \u00c5ge Larsen, s\u00f8nn av den danske bakeren, Svend \u00c5ge Larsen. Kona Solveig er ogs\u00e5 med i bedriften. Det samme er fire av deres fem barn. Det er med andre ord en skikkelig familiebedrift der barna tidlig l\u00e6rte \u00e5 ta et tak i bedriften. Bedriften omsatte i fjor (2020) for vel 14 millioner kroner og har rundt 35 ansatte.<\/p>\n\n\n\n<p>Bakeriet har et godt utvalg av gode gamle danske og norske oppskrifter. Her f\u00e5r du kaker og bakervarer av god kvalitet. I dag har de utsalg b\u00e5de i Farsund og Vanse. I tillegg finner du deler av bakeriets sortiment hos 15 dagligvarebutikker i store deler av Agder. Bakeriets velrenommerte produkter gj\u00f8r at de er \u00e5 finne i hyllene hos alle kjedene.<\/p>\n\n\n\n<div class=\"wp-block-columns is-layout-flex wp-container-core-columns-is-layout-9d6595d7 wp-block-columns-is-layout-flex\">\n<div class=\"wp-block-column is-layout-flow wp-block-column-is-layout-flow\">\n<h2 class=\"wp-block-heading\">Sparer veldig mye tid<\/h2>\n\n\n\n<p>\u00c5 g\u00e5 over til MyFoodOffice skulle vise seg \u00e5 bli bakeriets mest l\u00f8nnsomme investering noensinne. De gikk fra mange manuelle og arbeidskrevende prosesser til en l\u00f8sning som skulle revolusjonere hele bedriften.<\/p>\n\n\n\n<p>Tidligere brukte vi et generisk regnskaps- og bestillingssystem, lokalt installert p\u00e5 en PC. Med MyFoodOffice har vi f\u00e5tt et skreddersydd system for bakerbransjen og som i tillegg er tilpasset oss. Er det noe du vil ha tilpasset, s\u00e5 er det bare \u00e5 ta en telefon eller sende en e-post. I andre enden er det noen som b\u00e5de kan systemet og bakeridrift. I tillegg er de veldig fleksible. Innspill til endringer og tilpasninger blir ordnet i l\u00f8pet av veldig kort tid. Vi har aldri opplevd maken, sier Kim \u00c5ge Larsen.<\/p>\n\n\n\n<p>Vi begynte med allergener og deklarering. Senere har vi fortsatt med kalkyle, og ikke minst med bestilling og fakturering. Det har gitt en vanvittig innsparing. Bare for min egen del sparer jeg 40-50 timer i m\u00e5neden. Det er helt vilt. Jeg trodde ikke det var mulig. Her ligger alt i systemet og lar seg fikse med enkle tastetrykk.<\/p>\n<\/div>\n\n\n\n<div class=\"wp-block-column is-vertically-aligned-center is-layout-flow wp-block-column-is-layout-flow\">\n<figure class=\"wp-block-image size-full\"><img loading=\"lazy\" decoding=\"async\" width=\"596\" height=\"840\" src=\"https:\/\/blog.myfoodoffice.com\/wp-content\/uploads\/2022\/07\/Larsens-Bakeri_web2.jpeg\" alt=\"Larsens Bakeri\" class=\"wp-image-895\" srcset=\"https:\/\/myfoodoffice.com\/wp-content\/uploads\/2022\/07\/Larsens-Bakeri_web2.jpeg 596w, https:\/\/myfoodoffice.com\/wp-content\/uploads\/2022\/07\/Larsens-Bakeri_web2-213x300.jpeg 213w, https:\/\/myfoodoffice.com\/wp-content\/uploads\/2022\/07\/Larsens-Bakeri_web2-9x12.jpeg 9w\" sizes=\"auto, (max-width: 596px) 100vw, 596px\" \/><figcaption class=\"wp-element-caption\">Foto: Cecilie Nilsen, Lister24<\/figcaption><\/figure>\n<\/div>\n<\/div>\n\n\n\n<figure class=\"wp-block-image size-large\"><img loading=\"lazy\" decoding=\"async\" width=\"1024\" height=\"576\" src=\"https:\/\/blog.myfoodoffice.com\/wp-content\/uploads\/2022\/07\/Larsens-Bakeri_web5-1024x576.jpeg\" alt=\"Bruk av MyFoodOffice har frigitt mye tid som n\u00e5 brukes i produksjonen og til mer fritid.\" class=\"wp-image-897\" srcset=\"https:\/\/myfoodoffice.com\/wp-content\/uploads\/2022\/07\/Larsens-Bakeri_web5-1024x576.jpeg 1024w, https:\/\/myfoodoffice.com\/wp-content\/uploads\/2022\/07\/Larsens-Bakeri_web5-300x169.jpeg 300w, https:\/\/myfoodoffice.com\/wp-content\/uploads\/2022\/07\/Larsens-Bakeri_web5-768x432.jpeg 768w, https:\/\/myfoodoffice.com\/wp-content\/uploads\/2022\/07\/Larsens-Bakeri_web5-18x10.jpeg 18w, https:\/\/myfoodoffice.com\/wp-content\/uploads\/2022\/07\/Larsens-Bakeri_web5.jpeg 1500w\" sizes=\"auto, (max-width: 1024px) 100vw, 1024px\" \/><figcaption class=\"wp-element-caption\">Foto: Cecilie Nilsen, Lister24<\/figcaption><\/figure>\n\n\n\n<p>\u2013 Vi sparer ogs\u00e5 en time hver dag ved at butikkene legger inn sine egne bestillinger. Det eneste vi gj\u00f8r er \u00e5 skrive ut pakkseddel. Med to tastetrykk g\u00e5r fakturaen ut til alle. Operasjonene kan gj\u00f8res fra hvor som helst. Er du p\u00e5 ferie, men har tilgang til en PC, s\u00e5 kan du lett ordne det der du er.<\/p>\n\n\n\n<p>\u2013 F\u00f8r brukte vi for eksempel veldig lang tid p\u00e5 \u00e5 l\u00e6re opp en person f\u00f8r vi dro p\u00e5 ferie. N\u00e5 har vi mange brukere av MyFoodOffice. Programmet er intuitivt og lett \u00e5 bruke. Med mange brukere har vi stor fleksibilitet i forhold til b\u00e5de ferieavvikling og ved sykdom.<\/p>\n\n\n\n<p>\u2013 Dette m\u00e5 v\u00e6re det mest geniale som er oppfunnet i bakerbransjen. I alle fall er det den mest l\u00f8nnsomme investeringen vi har gjort p\u00e5 lenge. I tillegg har vi f\u00e5tt bort mye frustrasjon hos kunder og ansatte.<\/p>\n\n\n\n<p>\u2013 Jeg begynte i det sm\u00e5 i 1995. God service har alltid v\u00e6rt viktig for oss. Kundene kunne sende en melding eller ringe inn bestilling eller endring frem til jeg begynte p\u00e5 jobb i 22-tiden. Det gikk fint i starten n\u00e5r det ikke var s\u00e5 mange kunder, men n\u00e5r det kommer endringer sent p\u00e5 kvelden fra 15-16 kunder, s\u00e5 blir det mange detaljer og lett \u00e5 glemme noe. I MyFoodOffice har kundene frist til \u00e5 legge inn sin bestilling til klokken 16. Det har skapt en roligere hverdag. Og du slipper \u00e5 legge inn ordrer og endringer manuelt etterp\u00e5. N\u00e5r du har jobbet hele natta er det godt \u00e5 slippe \u00e5 sette seg ned med kontorarbeid etterp\u00e5, sier Kim \u00c5ge.<\/p>\n\n\n\n<h2 class=\"wp-block-heading\"> <\/h2>\n\n\n\n<figure class=\"wp-block-image size-large\"><img loading=\"lazy\" decoding=\"async\" width=\"1024\" height=\"576\" src=\"https:\/\/blog.myfoodoffice.com\/wp-content\/uploads\/2022\/07\/Larsens-Bakeri_web4-1024x576.jpeg\" alt=\"When you've worked all night, it's good not to have to sit down with office work afterwards, says Kim \u00c5ge,\" class=\"wp-image-902\" srcset=\"https:\/\/myfoodoffice.com\/wp-content\/uploads\/2022\/07\/Larsens-Bakeri_web4-1024x576.jpeg 1024w, https:\/\/myfoodoffice.com\/wp-content\/uploads\/2022\/07\/Larsens-Bakeri_web4-300x169.jpeg 300w, https:\/\/myfoodoffice.com\/wp-content\/uploads\/2022\/07\/Larsens-Bakeri_web4-768x432.jpeg 768w, https:\/\/myfoodoffice.com\/wp-content\/uploads\/2022\/07\/Larsens-Bakeri_web4-18x10.jpeg 18w, https:\/\/myfoodoffice.com\/wp-content\/uploads\/2022\/07\/Larsens-Bakeri_web4.jpeg 1500w\" sizes=\"auto, (max-width: 1024px) 100vw, 1024px\" \/><figcaption class=\"wp-element-caption\">Foto: Cecilie Nilsen, Lister24<\/figcaption><\/figure>\n\n\n\n<h2 class=\"wp-block-heading\">Mer produksjonstid og fritid<\/h2>\n\n\n\n<p>\u2013<em>&nbsp;<\/em>Hva skal den ledige tiden brukes til?<\/p>\n\n\n\n<p>F\u00f8rst av alt kan vi n\u00e5 betjene flere kunder. Ogs\u00e5 har vi f\u00e5tt bedre til til \u00e5 v\u00e6re sosial. For oss som familiebedrift der b\u00e5de jeg og kona og fire barn jobber i bedriften har familiearrangementer og familieturer v\u00e6rt en stor driftsmessig utfordring. N\u00e5 kan vi b\u00e5de dra p\u00e5 ferie sammen og ha famili\u00e6re sammenkomster uten bekymring for driften i bakeriet. Bare det er en herlig gevinst, sier Kim \u00c5ge Larsen.<\/p>\n\n\n\n<p>Datteren Melissa nikker og smiler, vel vitende om at det er mye takket v\u00e6re hennes ultimatum der hun krevde at faren tok i bruk moderne teknologi i bedriften. Hun truet faktisk med \u00e5 slutte om dette ikke ble tatt tak i. I dag er de begge forn\u00f8yde med at bedriften tok et viktig teknologisk veivalg.<\/p>\n\n\n\n<p>\u2013  MyFoodOffice koster litt mer enn l\u00f8sningen vi hadde tidligere, men det er verdt hver krone. Vi sparer jo s\u00e5 sabla mye tid p\u00e5 alt. Vi sparer faktisk nesten inn en hel stilling p\u00e5 \u00e5 bruke MyFoodOffice. Det er veldig mye penger i l\u00f8pet av ett \u00e5r. Jeg hadde ikke trodd at vi kunne spare s\u00e5 mye tid p\u00e5 \u00e5 skifte datasystem, sier Kim \u00c5ge Larsen.<\/p>\n\n\n\n<figure class=\"wp-block-image size-large\"><img loading=\"lazy\" decoding=\"async\" width=\"1024\" height=\"576\" src=\"https:\/\/blog.myfoodoffice.com\/wp-content\/uploads\/2022\/07\/Larsens-Bakeri_web-2-1024x576.jpeg\" alt=\". I didn't think we could save so much time by just changing the software, says Kim \u00c5ge Larsen.\" class=\"wp-image-905\" srcset=\"https:\/\/myfoodoffice.com\/wp-content\/uploads\/2022\/07\/Larsens-Bakeri_web-2-1024x576.jpeg 1024w, https:\/\/myfoodoffice.com\/wp-content\/uploads\/2022\/07\/Larsens-Bakeri_web-2-300x169.jpeg 300w, https:\/\/myfoodoffice.com\/wp-content\/uploads\/2022\/07\/Larsens-Bakeri_web-2-768x432.jpeg 768w, https:\/\/myfoodoffice.com\/wp-content\/uploads\/2022\/07\/Larsens-Bakeri_web-2-18x10.jpeg 18w, https:\/\/myfoodoffice.com\/wp-content\/uploads\/2022\/07\/Larsens-Bakeri_web-2.jpeg 1500w\" sizes=\"auto, (max-width: 1024px) 100vw, 1024px\" \/><figcaption class=\"wp-element-caption\">Foto: Cecilie Nilsen, Lister24<\/figcaption><\/figure>\n\n\n\n<h2 class=\"wp-block-heading\">Ekstra salg<\/h2>\n\n\n\n<p>Ved at kundene bruker MyFoodOffice f\u00e5r de ogs\u00e5 sett deres \u00f8vrige utvalg. Ofte er det slik at kunden bestiller det de alltid har bestilt, men n\u00e5r kunden m\u00e5 inn i systemet for \u00e5 bestille blir de ogs\u00e5 presentert bedriftens \u00f8vrige produkter. Det har gitt Larsens Bakeri et litt uventet mersalg i form av bestilling av andre produkter.<\/p>\n\n\n\n<p>\u2013 MyFoodOffice gj\u00f8r hele sortimentet godt synlig for kunden. Det har v\u00e6rt en uventet gevinst, sier far og datter.<\/p>\n\n\n\n<div class=\"wp-block-cover alignfull\" style=\"min-height:600px;aspect-ratio:unset;\"><span aria-hidden=\"true\" class=\"wp-block-cover__background has-background-dim-100 has-background-dim wp-block-cover__gradient-background has-background-gradient\" style=\"background:linear-gradient(135deg,rgb(142,162,248) 0%,rgb(59,67,181) 100%)\"><\/span><img loading=\"lazy\" decoding=\"async\" width=\"2560\" height=\"1707\" class=\"wp-block-cover__image-background wp-image-1405\" alt=\"\" src=\"http:\/\/34.88.199.23\/wp-content\/uploads\/2022\/08\/gradienta-LeG68PrXA6Y-unsplash-scaled.jpg\" data-object-fit=\"cover\" srcset=\"https:\/\/myfoodoffice.com\/wp-content\/uploads\/2022\/08\/gradienta-LeG68PrXA6Y-unsplash-scaled.jpg 2560w, https:\/\/myfoodoffice.com\/wp-content\/uploads\/2022\/08\/gradienta-LeG68PrXA6Y-unsplash-300x200.jpg 300w, https:\/\/myfoodoffice.com\/wp-content\/uploads\/2022\/08\/gradienta-LeG68PrXA6Y-unsplash-1024x683.jpg 1024w, https:\/\/myfoodoffice.com\/wp-content\/uploads\/2022\/08\/gradienta-LeG68PrXA6Y-unsplash-768x512.jpg 768w, https:\/\/myfoodoffice.com\/wp-content\/uploads\/2022\/08\/gradienta-LeG68PrXA6Y-unsplash-1536x1024.jpg 1536w, https:\/\/myfoodoffice.com\/wp-content\/uploads\/2022\/08\/gradienta-LeG68PrXA6Y-unsplash-2048x1365.jpg 2048w, https:\/\/myfoodoffice.com\/wp-content\/uploads\/2022\/08\/gradienta-LeG68PrXA6Y-unsplash-18x12.jpg 18w, https:\/\/myfoodoffice.com\/wp-content\/uploads\/2022\/08\/gradienta-LeG68PrXA6Y-unsplash-2000x1333.jpg 2000w\" sizes=\"auto, (max-width: 2560px) 100vw, 2560px\" \/><div class=\"wp-block-cover__inner-container is-layout-flow wp-block-cover-is-layout-flow\">\n<div style=\"height:40px\" aria-hidden=\"true\" class=\"wp-block-spacer\"><\/div>\n\n\n\n<h2 class=\"wp-block-heading has-text-align-left\" style=\"font-size:50px\"><strong><span style=\"text-decoration: underline;\">\u00c9n<\/span> plattform for \u00e5 f\u00f8lge opp dine<\/strong><\/h2>\n\n\n\n<div style=\"height:80px\" aria-hidden=\"true\" class=\"wp-block-spacer\"><\/div>\n\n\n\n<div class=\"wp-block-columns is-layout-flex wp-container-core-columns-is-layout-9d6595d7 wp-block-columns-is-layout-flex\">\n<div class=\"wp-block-column is-layout-flow wp-block-column-is-layout-flow\">\n<h1 class=\"wp-block-heading\"><mark style=\"background-color:rgba(0, 0, 0, 0)\" class=\"has-inline-color has-white-color\">Produkter<\/mark><\/h1>\n\n\n\n<p>Alle verkt\u00f8yene du trenger.<br>F\u00e5 p\u00e5 kontroll p\u00e5 hele produktportef\u00f8ljen fra ett sted.<\/p>\n\n\n\n<div class=\"wp-block-buttons is-layout-flex wp-block-buttons-is-layout-flex\">\n<div class=\"wp-block-button has-custom-font-size has-small-font-size\"><a class=\"wp-block-button__link wp-element-button\" href=\"https:\/\/myfoodoffice.com\/no\/manage-your-products\/\">L\u00e6r mer<\/a><\/div>\n\n\n\n<div class=\"wp-block-button has-custom-font-size has-small-font-size\"><a class=\"wp-block-button__link wp-element-button\" href=\"https:\/\/app.myfoodoffice.com\/auth\/signup\/?locale\">Kom i gang<\/a><\/div>\n<\/div>\n<\/div>\n\n\n\n<div class=\"wp-block-column is-layout-flow wp-block-column-is-layout-flow\">\n<h1 class=\"wp-block-heading\"><mark style=\"background-color:rgba(0, 0, 0, 0)\" class=\"has-inline-color has-white-color\">Daglig drift<\/mark><\/h1>\n\n\n\n<p>Str\u00f8mlinjeformet og automatisert.<br>Vi kobler dine salgskanaler med driften.<\/p>\n\n\n\n<div class=\"wp-block-buttons is-layout-flex wp-block-buttons-is-layout-flex\">\n<div class=\"wp-block-button has-custom-font-size has-small-font-size\"><a class=\"wp-block-button__link wp-element-button\" href=\"https:\/\/myfoodoffice.com\/no\/manage-your-business\/\">L\u00e6r mer<\/a><\/div>\n\n\n\n<div class=\"wp-block-button has-custom-font-size has-small-font-size\"><a class=\"wp-block-button__link wp-element-button\" href=\"https:\/\/app.myfoodoffice.com\/auth\/signup\/?locale\">Kom i gang<\/a><\/div>\n<\/div>\n<\/div>\n<\/div>\n\n\n\n<div style=\"height:136px\" aria-hidden=\"true\" class=\"wp-block-spacer\"><\/div>\n<\/div><\/div>\n\n\n\n<div class=\"wp-block-cover alignfull is-light book-demo-wide\"><span aria-hidden=\"true\" class=\"wp-block-cover__background has-background-dim-100 has-background-dim has-background-gradient\" style=\"background:linear-gradient(135deg,rgb(255,255,255) 0%,rgb(169,184,195) 100%)\"><\/span><div class=\"wp-block-cover__inner-container is-layout-flow wp-block-cover-is-layout-flow\">\n<div style=\"height:40px\" aria-hidden=\"true\" class=\"wp-block-spacer\"><\/div>\n\n\n\n<h2 class=\"wp-block-heading has-text-align-center\">Har du sp\u00f8rsm\u00e5l?<\/h2>\n\n\n\n<h2 class=\"wp-block-heading has-text-align-center\">\u00d8nsker du en guidet demo?<\/h2>\n\n\n\n<h2 class=\"wp-block-heading has-text-align-center\">Book et m\u00f8te med oss!<\/h2>\n\n\n\n\n\n\n\n\n<br \/>\n<!-- Start of Meetings Embed Script --><\/p>\n<div class=\"meetings-iframe-container\" data-src=\"https:\/\/meetings.hubspot.com\/martin-lang?embed=true\"><\/div>\n<p><script type=\"text\/javascript\" src=\"https:\/\/static.hsappstatic.net\/MeetingsEmbed\/ex\/MeetingsEmbedCode.js\"><\/script><!-- End of Meetings Embed Script \u2014>--><br \/>\n\n\n\n\n<\/div><\/div>\n\n\n\n<div class=\"wp-block-columns is-layout-flex wp-container-core-columns-is-layout-9d6595d7 wp-block-columns-is-layout-flex\">\n<div class=\"wp-block-column feature-colorful-container is-layout-flow wp-block-column-is-layout-flow\">\n<h2 class=\"wp-block-heading\">Vi har alt du trenger for \u00e5 f\u00f8lge opp <\/h2>\n\n\n\n<div class=\"wp-block-columns is-layout-flex wp-container-core-columns-is-layout-9d6595d7 wp-block-columns-is-layout-flex\">\n<div class=\"wp-block-column is-layout-flow wp-block-column-is-layout-flow\">\n<h3 class=\"wp-block-heading\">Daglig drift<\/h3>\n<\/div>\n<\/div>\n\n\n\n<div class=\"wp-block-columns is-layout-flex wp-container-core-columns-is-layout-9d6595d7 wp-block-columns-is-layout-flex\">\n<div class=\"wp-block-column feature-box-colored feature-box-green is-layout-flow wp-block-column-is-layout-flow\">\n<h4 class=\"wp-block-heading\">B2B Salg<\/h4>\n\n\n\n<p>Driver dere en utsalgskjede, engros eller bedriftsalg? <br> Alt-i-ett l\u00f8sningen for alle dine salgskanaler. <br><\/p>\n<\/div>\n\n\n\n<div class=\"wp-block-column feature-box-colored feature-box-green is-layout-flow wp-block-column-is-layout-flow\">\n<h4 class=\"wp-block-heading\">Produksjon<\/h4>\n\n\n\n<p>G\u00e5 digitalt med din produksjon. Ferdig utregnet batchst\u00f8rrelser automatisk klargjort og mye mer.<\/p>\n<\/div>\n\n\n\n<div class=\"wp-block-column feature-box-colored feature-box-green is-layout-flow wp-block-column-is-layout-flow\">\n<h4 class=\"wp-block-heading\">Pakking<\/h4>\n\n\n\n<p>V\u00e5re digitale verkt\u00f8y \u00f8ker farten med plukking og pakking av ordre. F\u00e6rre feil gir god stemning.<\/p>\n<\/div>\n\n\n\n<div class=\"wp-block-column feature-box-colored feature-box-green is-layout-flow wp-block-column-is-layout-flow\">\n<h4 class=\"wp-block-heading\">Connect<\/h4>\n\n\n\n<p>Kutt ut un\u00f8dvendig dataregistrering fra ett system til et annet. Automatiser data mot POS, regnskap og nettbutikk.<\/p>\n<\/div>\n<\/div>\n\n\n\n<div class=\"wp-block-columns is-layout-flex wp-container-core-columns-is-layout-9d6595d7 wp-block-columns-is-layout-flex\">\n<div class=\"wp-block-column is-layout-flow wp-block-column-is-layout-flow\">\n<h3 class=\"wp-block-heading\">Produkter<\/h3>\n<\/div>\n<\/div>\n\n\n\n<div class=\"wp-block-columns is-layout-flex wp-container-core-columns-is-layout-9d6595d7 wp-block-columns-is-layout-flex\">\n<div class=\"wp-block-column feature-box-colored feature-box-blue is-layout-flow wp-block-column-is-layout-flow\">\n<h4 class=\"wp-block-heading\">Varedeklarasjon<\/h4>\n\n\n\n<p>F\u00e5 orden p\u00e5 alle oppskriftene. S\u00f8rg for riktige og oppdaterte varedeklarasjoner<\/p>\n<\/div>\n\n\n\n<div class=\"wp-block-column feature-box-colored feature-box-blue is-layout-flow wp-block-column-is-layout-flow\">\n<h4 class=\"wp-block-heading\">Pro Verkt\u00f8y<\/h4>\n\n\n\n<p>N\u00e5r matmerking er din hovedoppgave. V\u00e5re avanserte verkt\u00f8y tar deg videre.<\/p>\n<\/div>\n\n\n\n<div class=\"wp-block-column feature-box-colored feature-box-blue is-layout-flow wp-block-column-is-layout-flow\">\n<h4 class=\"wp-block-heading\">Etiketter<\/h4>\n\n\n\n<p>Automatiser etikettdesign og innhold. Enkelt og greit. Alltid oppdatert med oppskriftene. <\/p>\n<\/div>\n\n\n\n<div class=\"wp-block-column feature-box-colored feature-box-blue is-layout-flow wp-block-column-is-layout-flow\">\n<h4 class=\"wp-block-heading\">Produktkalkyle<\/h4>\n\n\n\n<p>Kjenn salgsmarginene dine og m\u00f8t konkurransen med selvtillit. Vi gir deg handlekraftig innsikt.<\/p>\n<\/div>\n<\/div>\n<\/div>\n<\/div>\n\n\n\n<div class=\"wp-block-cover alignfull is-light has-parallax is-position-center-center\" style=\"min-height:597px;aspect-ratio:unset;\"><span aria-hidden=\"true\" class=\"wp-block-cover__background has-black-background-color has-background-dim-40 has-background-dim\"><\/span><div role=\"img\" class=\"wp-block-cover__image-background wp-image-1096 has-parallax\" style=\"background-position:50% 50%;background-image:url(https:\/\/myfoodoffice.com\/wp-content\/uploads\/2022\/07\/laura-lefurgey-smith-MGXNnStUi0s-unsplash-scaled.jpg)\"><\/div><div class=\"wp-block-cover__inner-container is-layout-flow wp-block-cover-is-layout-flow\">\n<p class=\"has-text-align-center has-text-color has-huge-font-size\" style=\"color:#fffffa;line-height:1.1\"><\/p>\n\n\n\n<div style=\"height:186px\" aria-hidden=\"true\" class=\"wp-block-spacer\"><\/div>\n\n\n\n<p class=\"has-text-align-center has-white-color has-text-color has-large-font-size\"><strong>MyFoodOffice hjelper deg \u00e5<\/strong><\/p>\n\n\n\n\n\n\n\n\n\n\n\n<div class=\"wp-block-typing-text-typing-text-block no-translation  root-eb-typing-text-55oqrxm\" data-no-translation=\"\"><div class=\"eb-parent-wrapper eb-parent-eb-typing-text-55oqrxm\"><div class=\"eb-typed-wrapper eb-typing-text-55oqrxm\" data-id=\"eb-typing-text-55oqrxm\"><div class=\"eb-typed-content\" data-type-speed=\"50\" data-start-delay=\"0\" data-smart-backspace=\"true\" data-back-speed=\"40\" data-back-delay=\"700\" data-fade=\"false\" data-fade-delay=\"500\" data-loop=\"true\" data-cursor=\"true\"><span class=\"eb-typed-prefix\"><\/span><span class=\"eb-typed-text-wrapper is-hidden\"><span class=\"eb-typed-text\">selge mer<\/span><span class=\"eb-typed-text\">\u00f8ke fortjenesten<\/span><span class=\"eb-typed-text\">bli mer effektiv<\/span><\/span><span class=\"eb-typed-view\"><\/span><span class=\"eb-typed-suffix\"><\/span><\/div><\/div><\/div><\/div>\n\n\n\n\n\n\n\n\n\n\n\n\n\n\n\n<div class=\"wp-block-buttons is-horizontal is-content-justification-center is-layout-flex wp-container-core-buttons-is-layout-499968f5 wp-block-buttons-is-layout-flex\">\n<div class=\"wp-block-button is-style-outline is-style-outline--1\"><a class=\"wp-block-button__link has-white-color has-vivid-cyan-blue-background-color has-text-color has-background wp-element-button\" href=\"https:\/\/app.myfoodoffice.com\/auth\/signup\" target=\"_blank\" rel=\"noreferrer noopener\">Kom i gang<\/a><\/div>\n<\/div>\n\n\n\n<div style=\"height:190px\" aria-hidden=\"true\" class=\"wp-block-spacer\"><\/div>\n<\/div><\/div>","protected":false},"excerpt":{"rendered":"<p>Her father worked around the clock, but it still wasn&#8217;t enough. Melissa gave him the ultimatum. Either they found smarter ways to work or she would quit their family business. Now, it&#8217;s a piece of cake. The savings are insane.It&#8217;s absolutely wild. I didn&#8217;t think it was possible. Kim \u00c5ge Larsen, CEO, Larsens Bakeri Larsens &hellip; <\/p>\n<p class=\"link-more\"><a href=\"https:\/\/myfoodoffice.com\/no\/story-larsens-bakery\/\" class=\"more-link\">Read more<span class=\"screen-reader-text\"> &#8220;Story &#8211; Larsens Bakeri&#8221;<\/span><\/a><\/p>","protected":false},"author":3,"featured_media":0,"parent":0,"menu_order":0,"comment_status":"closed","ping_status":"closed","template":"","meta":{"content-type":"","_eb_attr":"","_kad_blocks_custom_css":"","_kad_blocks_head_custom_js":"","_kad_blocks_body_custom_js":"","_kad_blocks_footer_custom_js":"","_kadence_starter_templates_imported_post":false,"footnotes":""},"class_list":["post-885","page","type-page","status-publish","hentry"],"taxonomy_info":[],"featured_image_src_large":false,"author_info":{"display_name":"Martin","author_link":"https:\/\/myfoodoffice.com\/no\/author\/martin\/"},"comment_info":0,"_links":{"self":[{"href":"https:\/\/myfoodoffice.com\/no\/wp-json\/wp\/v2\/pages\/885","targetHints":{"allow":["GET"]}}],"collection":[{"href":"https:\/\/myfoodoffice.com\/no\/wp-json\/wp\/v2\/pages"}],"about":[{"href":"https:\/\/myfoodoffice.com\/no\/wp-json\/wp\/v2\/types\/page"}],"author":[{"embeddable":true,"href":"https:\/\/myfoodoffice.com\/no\/wp-json\/wp\/v2\/users\/3"}],"replies":[{"embeddable":true,"href":"https:\/\/myfoodoffice.com\/no\/wp-json\/wp\/v2\/comments?post=885"}],"version-history":[{"count":47,"href":"https:\/\/myfoodoffice.com\/no\/wp-json\/wp\/v2\/pages\/885\/revisions"}],"predecessor-version":[{"id":2821,"href":"https:\/\/myfoodoffice.com\/no\/wp-json\/wp\/v2\/pages\/885\/revisions\/2821"}],"wp:attachment":[{"href":"https:\/\/myfoodoffice.com\/no\/wp-json\/wp\/v2\/media?parent=885"}],"curies":[{"name":"wp","href":"https:\/\/api.w.org\/{rel}","templated":true}]}}